{"articles":[{"classes":["outercol"],"isFavourite":false,"isExternalUrl":{"articleLink":false},"articleListButtonsData":{"buttonsList":[{"label":"Les mer","url":"\/?id=1834776182&Article=3204","type":"readmore"}],"mode":"default"},"favouriteType":null,"mnu":null,"section":null,"displayId":true,"docId":3204,"identifier":"3204Article","docType":"Article","customDate":false,"teaserData":{"teaserText":"Avslutning v\u00e5ren 2023","mode":"default"},"content":{"teaser":"Avslutning v\u00e5ren 2023","intro":"Vintersesongen 2023 ble avsluttet med grillkveld i verkstedet 15. juni."},"titles":{"main":"Avslutning v\u00e5ren 2023","readMoreButton":"Les mer"},"urls":{"readMore":"\/?id=1834776182&Article=3204","booking":null},"created":{"date":"16.06.2023","time":"12:26","timestamp":1686911160},"introAllowHtml":false,"hasTicket":false,"extra":null,"hasReadMore":true,"media":{"contexts":[],"previewImageUrl":"","imageVariants":[],"image":null,"aspect":null,"type":"image","description":""},"additionalData":[]},{"classes":["outercol"],"isFavourite":false,"isExternalUrl":{"articleLink":false},"articleListButtonsData":{"buttonsList":[{"label":"Les mer","url":"\/?id=1834776182&Article=4111","type":"readmore"}],"mode":"default"},"favouriteType":null,"mnu":null,"section":null,"displayId":true,"docId":4111,"identifier":"4111Article","docType":"Article","customDate":false,"teaserData":{"teaserText":"Museets julelunch 2023","mode":"default"},"content":{"teaser":"Museets julelunch 2023","intro":"Torsdag 14. desember inviterte museet ansatte og andre medarbeidere til en utmerket julelunch p\u00e5 kaffe' Gidsken. "},"titles":{"main":"Museets julelunch 2023","readMoreButton":"Les mer"},"urls":{"readMore":"\/?id=1834776182&Article=4111","booking":null},"created":{"date":"18.12.2023","time":"13:35","timestamp":1702902900},"introAllowHtml":false,"hasTicket":false,"extra":null,"hasReadMore":true,"media":{"imageData":{"path":"\/sites\/b\/blhf.org\/files\/2023\/12\/20231214_151327.jpg","width":3000,"height":4000,"aspectRatio":0.75},"previewImageUrl":"\/sites\/b\/blhf.org\/files\/2023\/12\/20231214_151327.jpg?cropToFit=100x59&quality=50","imageVariants":[{"path":"\/sites\/b\/blhf.org\/files\/2023\/12\/20231214_151327.jpg?cropToFit=100x59&quality=75","width":100,"height":59,"aspectRatio":1.694915254237288},{"path":"\/sites\/b\/blhf.org\/files\/2023\/12\/20231214_151327.jpg?cropToFit=200x118&quality=75","width":200,"height":118,"aspectRatio":1.694915254237288},{"path":"\/sites\/b\/blhf.org\/files\/2023\/12\/20231214_151327.jpg?cropToFit=400x235&quality=75","width":400,"height":235,"aspectRatio":1.702127659574468},{"path":"\/sites\/b\/blhf.org\/files\/2023\/12\/20231214_151327.jpg?cropToFit=600x353&quality=75","width":600,"height":353,"aspectRatio":1.6997167138810199},{"path":"\/sites\/b\/blhf.org\/files\/2023\/12\/20231214_151327.jpg?cropToFit=800x471&quality=75","width":800,"height":471,"aspectRatio":1.6985138004246285},{"path":"\/sites\/b\/blhf.org\/files\/2023\/12\/20231214_151327.jpg?cropToFit=1000x588&quality=75","width":1000,"height":588,"aspectRatio":1.7006802721088434},{"path":"\/sites\/b\/blhf.org\/files\/2023\/12\/20231214_151327.jpg?cropToFit=1200x706&quality=75","width":1200,"height":706,"aspectRatio":1.6997167138810199}],"image":"\/sites\/b\/blhf.org\/files\/2023\/12\/20231214_151327.jpg","aspect":1.694915254237288,"type":"image","description":"Ut fra den gode matlukta, takket Rolf for maten p\u00e5 forh\u00e5nd"},"additionalData":[]},{"classes":["outercol"],"isFavourite":false,"isExternalUrl":{"articleLink":false},"articleListButtonsData":{"buttonsList":[{"label":"Les mer","url":"\/?id=1834776182&Article=4785","type":"readmore"}],"mode":"default"},"favouriteType":null,"mnu":null,"section":null,"displayId":true,"docId":4785,"identifier":"4785Article","docType":"Article","customDate":false,"teaserData":{"teaserText":"Avslutning v\u00e5ren 2024","mode":"default"},"content":{"teaser":"Avslutning v\u00e5ren 2024","intro":""},"titles":{"main":"Avslutning v\u00e5ren 2024","readMoreButton":"Les mer"},"urls":{"readMore":"\/?id=1834776182&Article=4785","booking":null},"created":{"date":"20.06.2024","time":"08:40","timestamp":1718865600},"introAllowHtml":false,"hasTicket":false,"extra":null,"hasReadMore":true,"media":{"imageData":{"path":"\/sites\/b\/blhf.org\/files\/2024\/06\/20240617_181730.jpg","width":4000,"height":3000,"aspectRatio":1.3333333333333333},"previewImageUrl":"\/sites\/b\/blhf.org\/files\/2024\/06\/20240617_181730.jpg?cropToFit=100x59&quality=50","imageVariants":[{"path":"\/sites\/b\/blhf.org\/files\/2024\/06\/20240617_181730.jpg?cropToFit=100x59&quality=75","width":100,"height":59,"aspectRatio":1.694915254237288},{"path":"\/sites\/b\/blhf.org\/files\/2024\/06\/20240617_181730.jpg?cropToFit=200x118&quality=75","width":200,"height":118,"aspectRatio":1.694915254237288},{"path":"\/sites\/b\/blhf.org\/files\/2024\/06\/20240617_181730.jpg?cropToFit=400x235&quality=75","width":400,"height":235,"aspectRatio":1.702127659574468},{"path":"\/sites\/b\/blhf.org\/files\/2024\/06\/20240617_181730.jpg?cropToFit=600x353&quality=75","width":600,"height":353,"aspectRatio":1.6997167138810199},{"path":"\/sites\/b\/blhf.org\/files\/2024\/06\/20240617_181730.jpg?cropToFit=800x471&quality=75","width":800,"height":471,"aspectRatio":1.6985138004246285},{"path":"\/sites\/b\/blhf.org\/files\/2024\/06\/20240617_181730.jpg?cropToFit=1000x588&quality=75","width":1000,"height":588,"aspectRatio":1.7006802721088434},{"path":"\/sites\/b\/blhf.org\/files\/2024\/06\/20240617_181730.jpg?cropToFit=1200x706&quality=75","width":1200,"height":706,"aspectRatio":1.6997167138810199}],"image":"\/sites\/b\/blhf.org\/files\/2024\/06\/20240617_181730.jpg","aspect":1.694915254237288,"type":"image","description":"Grillen tent og r\u00e5stoffet klart."},"additionalData":[]}],"pages":[1],"currentPage":1,"sections":[]}